{"id":3541,"date":"2021-04-29T07:47:02","date_gmt":"2021-04-29T07:47:02","guid":{"rendered":"https:\/\/hospitalclinicmaresme.com\/?page_id=3541"},"modified":"2021-11-23T12:45:50","modified_gmt":"2021-11-23T12:45:50","slug":"medicina-interna-y-unidad-post-covid","status":"publish","type":"page","link":"https:\/\/hospitalclinicmaresme.com\/es\/especialidades\/medicina-interna-y-unidad-post-covid\/","title":{"rendered":"Medicina interna y unidad post COVID"},"content":{"rendered":"<div id='av_section_1'  class='avia-section av-wjn78-ef7ccf83c7371a3148fa0eb87c1407bc main_color avia-section-default avia-no-border-styling  avia-builder-el-0  el_before_av_section  avia-builder-el-first  av-small-hide av-mini-hide avia-bg-style-scroll container_wrap fullsize'  ><div class='container av-section-cont-open' ><main  role=\"main\" itemprop=\"mainContentOfPage\"  class='template-page content  av-content-full alpha units'><div class='post-entry post-entry-type-page post-entry-3541'><div class='entry-content-wrapper clearfix'>\n\n<style type=\"text\/css\" data-created_by=\"avia_inline_auto\" id=\"style-css-av-oz0dw-f060e6270e821920149121a736ab5d6b\">\n.flex_column.av-oz0dw-f060e6270e821920149121a736ab5d6b{\nborder-radius:0px 0px 0px 0px;\npadding:0px 0px 0px 0px;\n}\n<\/style>\n<div  class='flex_column av-oz0dw-f060e6270e821920149121a736ab5d6b av_four_fifth  avia-builder-el-1  el_before_av_one_fifth  avia-builder-el-first  first flex_column_div av-zero-column-padding  '     ><style type=\"text\/css\" data-created_by=\"avia_inline_auto\" id=\"style-css-av-kb98a48o-36dad3867b8cd8692a65b816d2dc8bc9\">\n#top .av_textblock_section.av-kb98a48o-36dad3867b8cd8692a65b816d2dc8bc9 .avia_textblock{\ncolor:#007c95;\n}\n<\/style>\n<section  class='av_textblock_section av-kb98a48o-36dad3867b8cd8692a65b816d2dc8bc9 '   itemscope=\"itemscope\" itemtype=\"https:\/\/schema.org\/CreativeWork\" ><div class='avia_textblock av_inherit_color'  itemprop=\"text\" ><h4 style=\"font-weight: 300;\">ESPECIALIDADES M\u00c9DICAS \/ <strong>MEDICINA INTERNA Y UNIDAD POST COVID<\/strong><\/h4>\n<\/div><\/section><\/div>\n<style type=\"text\/css\" data-created_by=\"avia_inline_auto\" id=\"style-css-av-bqvyc-1dd5fc7b8336dffe237b2d46ea1c861f\">\n.flex_column.av-bqvyc-1dd5fc7b8336dffe237b2d46ea1c861f{\nborder-radius:0px 0px 0px 0px;\npadding:0px 0px 0px 0px;\n}\n<\/style>\n<div  class='flex_column av-bqvyc-1dd5fc7b8336dffe237b2d46ea1c861f av_one_fifth  avia-builder-el-3  el_after_av_four_fifth  el_before_av_one_full  flex_column_div av-zero-column-padding  '     ><style type=\"text\/css\" data-created_by=\"avia_inline_auto\" id=\"style-css-av-kb98sps1-96716bf6a22fdca08127f02014227212\">\n.av_font_icon.av-kb98sps1-96716bf6a22fdca08127f02014227212{\ncolor:#007c95;\nborder-color:#007c95;\n}\n.avia-svg-icon.av-kb98sps1-96716bf6a22fdca08127f02014227212 svg:first-child{\nstroke:#007c95;\nfill:#007c95;\n}\n.av_font_icon.av-kb98sps1-96716bf6a22fdca08127f02014227212 .av-icon-char{\nfont-size:30px;\nline-height:30px;\n}\n<\/style>\n<span  class='av_font_icon av-kb98sps1-96716bf6a22fdca08127f02014227212 avia_animate_when_visible av-icon-style- avia-icon-pos-left avia-iconfont avia-font-flaticon avia-icon-animate'><span class='av-icon-char' data-av_icon='\uf11c' data-av_iconfont='flaticon' aria-hidden=\"true\" ><\/span><\/span><\/div>\n<style type=\"text\/css\" data-created_by=\"avia_inline_auto\" id=\"style-css-av-jovh8-0f0dc337fbca408e63610c596727caa0\">\n.flex_column.av-jovh8-0f0dc337fbca408e63610c596727caa0{\nborder-radius:0px 0px 0px 0px;\npadding:0px 0px 0px 0px;\n}\n<\/style>\n<div  class='flex_column av-jovh8-0f0dc337fbca408e63610c596727caa0 av_one_full  avia-builder-el-5  el_after_av_one_fifth  avia-builder-el-last  first flex_column_div av-zero-column-padding  column-top-margin'     ><style type=\"text\/css\" data-created_by=\"avia_inline_auto\" id=\"style-css-av-knzrz7uf-a12d5dc98df73f1abcecaa1e74c2ee1d\">\n.avia-image-container.av-knzrz7uf-a12d5dc98df73f1abcecaa1e74c2ee1d img.avia_image{\nbox-shadow:none;\n}\n.avia-image-container.av-knzrz7uf-a12d5dc98df73f1abcecaa1e74c2ee1d .av-image-caption-overlay-center{\ncolor:#ffffff;\n}\n<\/style>\n<div  class='avia-image-container av-knzrz7uf-a12d5dc98df73f1abcecaa1e74c2ee1d av-styling- avia-align-center  avia-builder-el-6  avia-builder-el-no-sibling '   itemprop=\"image\" itemscope=\"itemscope\" itemtype=\"https:\/\/schema.org\/ImageObject\" ><div class=\"avia-image-container-inner\"><div class=\"avia-image-overlay-wrap\"><img decoding=\"async\" fetchpriority=\"high\" class='wp-image-3519 avia-img-lazy-loading-not-3519 avia_image ' src=\"https:\/\/hospitalclinicmaresme.com\/wp-content\/uploads\/2021\/04\/Especialitats-MedicinaInterna-2-HospitalClinicMataro.png\" alt='' title=''  height=\"430\" width=\"1500\"  itemprop=\"thumbnailUrl\" srcset=\"https:\/\/hospitalclinicmaresme.com\/wp-content\/uploads\/2021\/04\/Especialitats-MedicinaInterna-2-HospitalClinicMataro.png 1500w, https:\/\/hospitalclinicmaresme.com\/wp-content\/uploads\/2021\/04\/Especialitats-MedicinaInterna-2-HospitalClinicMataro-300x86.png 300w, https:\/\/hospitalclinicmaresme.com\/wp-content\/uploads\/2021\/04\/Especialitats-MedicinaInterna-2-HospitalClinicMataro-1030x295.png 1030w, https:\/\/hospitalclinicmaresme.com\/wp-content\/uploads\/2021\/04\/Especialitats-MedicinaInterna-2-HospitalClinicMataro-768x220.png 768w, https:\/\/hospitalclinicmaresme.com\/wp-content\/uploads\/2021\/04\/Especialitats-MedicinaInterna-2-HospitalClinicMataro-705x202.png 705w, https:\/\/hospitalclinicmaresme.com\/wp-content\/uploads\/2021\/04\/Especialitats-MedicinaInterna-2-HospitalClinicMataro-240x69.png 240w\" sizes=\"(max-width: 1500px) 100vw, 1500px\" \/><\/div><\/div><\/div><\/div>\n\n<\/div><\/div><\/main><!-- close content main element --><\/div><\/div><div id='av_section_2'  class='avia-section av-wjn78-133a8af407571d65b0045de15599213a main_color avia-section-default avia-no-border-styling  avia-builder-el-7  el_after_av_section  el_before_av_layout_row  av-desktop-hide av-medium-hide avia-bg-style-scroll container_wrap fullsize'  ><div class='container av-section-cont-open' ><div class='template-page content  av-content-full alpha units'><div class='post-entry post-entry-type-page post-entry-3541'><div class='entry-content-wrapper clearfix'>\n\n<style type=\"text\/css\" data-created_by=\"avia_inline_auto\" id=\"style-css-av-bqvyc-8b315ca16c69ad93dcb0ae78731e7605\">\n.flex_column.av-bqvyc-8b315ca16c69ad93dcb0ae78731e7605{\nborder-radius:0px 0px 0px 0px;\npadding:0px 0px 0px 0px;\n}\n<\/style>\n<div  class='flex_column av-bqvyc-8b315ca16c69ad93dcb0ae78731e7605 av_one_fifth  avia-builder-el-8  el_before_av_four_fifth  avia-builder-el-first  first flex_column_div av-zero-column-padding  '     ><style type=\"text\/css\" data-created_by=\"avia_inline_auto\" id=\"style-css-av-kb98sps1-96716bf6a22fdca08127f02014227212\">\n.av_font_icon.av-kb98sps1-96716bf6a22fdca08127f02014227212{\ncolor:#007c95;\nborder-color:#007c95;\n}\n.avia-svg-icon.av-kb98sps1-96716bf6a22fdca08127f02014227212 svg:first-child{\nstroke:#007c95;\nfill:#007c95;\n}\n.av_font_icon.av-kb98sps1-96716bf6a22fdca08127f02014227212 .av-icon-char{\nfont-size:30px;\nline-height:30px;\n}\n<\/style>\n<span  class='av_font_icon av-kb98sps1-96716bf6a22fdca08127f02014227212 avia_animate_when_visible av-icon-style- avia-icon-pos-left avia-iconfont avia-font-flaticon avia-icon-animate'><span class='av-icon-char' data-av_icon='\uf11c' data-av_iconfont='flaticon' aria-hidden=\"true\" ><\/span><\/span><\/div>\n<style type=\"text\/css\" data-created_by=\"avia_inline_auto\" id=\"style-css-av-oz0dw-941ccb0ee361849e6dd2c0ea2ce4621a\">\n.flex_column.av-oz0dw-941ccb0ee361849e6dd2c0ea2ce4621a{\nborder-radius:0px 0px 0px 0px;\npadding:0px 0px 0px 0px;\n}\n<\/style>\n<div  class='flex_column av-oz0dw-941ccb0ee361849e6dd2c0ea2ce4621a av_four_fifth  avia-builder-el-10  el_after_av_one_fifth  el_before_av_one_full  flex_column_div av-zero-column-padding  '     ><style type=\"text\/css\" data-created_by=\"avia_inline_auto\" id=\"style-css-av-kb98a48o-36dad3867b8cd8692a65b816d2dc8bc9\">\n#top .av_textblock_section.av-kb98a48o-36dad3867b8cd8692a65b816d2dc8bc9 .avia_textblock{\ncolor:#007c95;\n}\n<\/style>\n<section  class='av_textblock_section av-kb98a48o-36dad3867b8cd8692a65b816d2dc8bc9 '   itemscope=\"itemscope\" itemtype=\"https:\/\/schema.org\/CreativeWork\" ><div class='avia_textblock av_inherit_color'  itemprop=\"text\" ><h4 style=\"font-weight: 300;\">ESPECIALIDADES M\u00c9DICAS \/ <strong>MEDICINA INTERNA Y UNIDAD POST COVID<\/strong><\/h4>\n<\/div><\/section><\/div>\n<style type=\"text\/css\" data-created_by=\"avia_inline_auto\" id=\"style-css-av-jovh8-0f0dc337fbca408e63610c596727caa0\">\n.flex_column.av-jovh8-0f0dc337fbca408e63610c596727caa0{\nborder-radius:0px 0px 0px 0px;\npadding:0px 0px 0px 0px;\n}\n<\/style>\n<div  class='flex_column av-jovh8-0f0dc337fbca408e63610c596727caa0 av_one_full  avia-builder-el-12  el_after_av_four_fifth  avia-builder-el-last  first flex_column_div av-zero-column-padding  '     ><style type=\"text\/css\" data-created_by=\"avia_inline_auto\" id=\"style-css-av-knzs9kxe-cbbbdd3cab90c586b2b84dcd020c6782\">\n.avia-image-container.av-knzs9kxe-cbbbdd3cab90c586b2b84dcd020c6782 img.avia_image{\nbox-shadow:none;\n}\n.avia-image-container.av-knzs9kxe-cbbbdd3cab90c586b2b84dcd020c6782 .av-image-caption-overlay-center{\ncolor:#ffffff;\n}\n<\/style>\n<div  class='avia-image-container av-knzs9kxe-cbbbdd3cab90c586b2b84dcd020c6782 av-styling- avia-align-center  avia-builder-el-13  avia-builder-el-no-sibling '   itemprop=\"image\" itemscope=\"itemscope\" itemtype=\"https:\/\/schema.org\/ImageObject\" ><div class=\"avia-image-container-inner\"><div class=\"avia-image-overlay-wrap\"><img decoding=\"async\" fetchpriority=\"high\" class='wp-image-3528 avia-img-lazy-loading-not-3528 avia_image ' src=\"https:\/\/hospitalclinicmaresme.com\/wp-content\/uploads\/2021\/04\/Especialitats-MedicinaInterna-2-HospitalClinicMataro-MVL.png\" alt='' title=''  height=\"500\" width=\"600\"  itemprop=\"thumbnailUrl\" srcset=\"https:\/\/hospitalclinicmaresme.com\/wp-content\/uploads\/2021\/04\/Especialitats-MedicinaInterna-2-HospitalClinicMataro-MVL.png 600w, https:\/\/hospitalclinicmaresme.com\/wp-content\/uploads\/2021\/04\/Especialitats-MedicinaInterna-2-HospitalClinicMataro-MVL-300x250.png 300w, https:\/\/hospitalclinicmaresme.com\/wp-content\/uploads\/2021\/04\/Especialitats-MedicinaInterna-2-HospitalClinicMataro-MVL-216x180.png 216w\" sizes=\"(max-width: 600px) 100vw, 600px\" \/><\/div><\/div><\/div><\/div>\n\n<\/div><\/div><\/div><!-- close content main div --><\/div><\/div><div id='av-layout-grid-1'  class='av-layout-grid-container av-kckcbiag-2bf186c94996dccb9172062eaad15b56 entry-content-wrapper main_color av-flex-cells  avia-builder-el-14  el_after_av_section  el_before_av_section  grid-row-not-first  container_wrap fullsize'  >\n\n<style type=\"text\/css\" data-created_by=\"avia_inline_auto\" id=\"style-css-av-kckc5kn5-d2f8e63fde240fbf4adbcfa473958e34\">\n.flex_cell.av-kckc5kn5-d2f8e63fde240fbf4adbcfa473958e34{\nvertical-align:top;\nheight:300px;\nmin-height:300px;\nbackground-color:#007c95;\n}\n.responsive #top #wrap_all .flex_cell.av-kckc5kn5-d2f8e63fde240fbf4adbcfa473958e34{\npadding:45px 10px 30px 30px !important;\n}\n<\/style>\n<div class='flex_cell av-kckc5kn5-d2f8e63fde240fbf4adbcfa473958e34 av-gridrow-cell av_one_fourth no_margin av-hide-on-mobile  avia-builder-el-15  el_before_av_cell_one_fourth  avia-builder-el-first  content-align-top'  ><div class='flex_cell_inner'><\/div><\/div>\n<style type=\"text\/css\" data-created_by=\"avia_inline_auto\" id=\"style-css-av-kckc5kn5-70023b22073e8b15a857e40c820bb35a\">\n.flex_cell.av-kckc5kn5-70023b22073e8b15a857e40c820bb35a{\nvertical-align:middle;\nheight:300px;\nmin-height:300px;\nbackground-color:#007c95;\n}\n.responsive #top #wrap_all .flex_cell.av-kckc5kn5-70023b22073e8b15a857e40c820bb35a{\npadding:45px 10px 30px 30px !important;\n}\n<\/style>\n<div class='flex_cell av-kckc5kn5-70023b22073e8b15a857e40c820bb35a av-gridrow-cell av_one_fourth no_margin  avia-builder-el-16  el_after_av_cell_one_fourth  el_before_av_cell_one_fourth  content-align-middle'  ><div class='flex_cell_inner'>\n<style type=\"text\/css\" data-created_by=\"avia_inline_auto\" id=\"style-css-av-7fwh8-661a98ada1a814f9f80752c9f3222705\">\n.flex_column.av-7fwh8-661a98ada1a814f9f80752c9f3222705{\nborder-radius:0px 0px 0px 0px;\npadding:0px 0px 0px 0px;\n}\n<\/style>\n<div  class='flex_column av-7fwh8-661a98ada1a814f9f80752c9f3222705 av_one_full  avia-builder-el-17  avia-builder-el-no-sibling  first flex_column_div av-zero-column-padding  '     ><style type=\"text\/css\" data-created_by=\"avia_inline_auto\" id=\"style-css-av-kkwbauyt-c063e2fb59dd024b01969aa6941aba5b\">\n#top .av-special-heading.av-kkwbauyt-c063e2fb59dd024b01969aa6941aba5b{\nmargin:0 0 0 0;\npadding-bottom:0;\ncolor:#ffffff;\n}\nbody .av-special-heading.av-kkwbauyt-c063e2fb59dd024b01969aa6941aba5b .av-special-heading-tag .heading-char{\nfont-size:25px;\n}\n.av-special-heading.av-kkwbauyt-c063e2fb59dd024b01969aa6941aba5b .special-heading-inner-border{\nborder-color:#ffffff;\n}\n.av-special-heading.av-kkwbauyt-c063e2fb59dd024b01969aa6941aba5b .av-subheading{\nfont-size:24px;\n}\n<\/style>\n<div  class='av-special-heading av-kkwbauyt-c063e2fb59dd024b01969aa6941aba5b av-special-heading-h4 custom-color-heading blockquote modern-quote  avia-builder-el-18  avia-builder-el-no-sibling  av-linked-heading'><div class='av_custom_color av-subheading av-subheading_above'><p style=\"color: black;\">MEDICINA INTERNA Y UNIDAD POST COVID<\/p>\n<\/div><h4 class='av-special-heading-tag '  itemprop=\"headline\"  ><a class=\"av-heading-link\" href=\"https:\/\/hospitalclinicmaresme.com\/es\/directory-cuadro-medico\/detall\/dra-carme-agusti\/\" >Dra. Agust\u00ed, Carme<\/a><\/h4><div class=\"special-heading-border\"><div class=\"special-heading-inner-border\"><\/div><\/div><\/div><\/div>\n<\/div><\/div>\n<style type=\"text\/css\" data-created_by=\"avia_inline_auto\" id=\"style-css-av-kckc5kn5-3288688b7298a7a4c1835ad2cb16a2dc\">\n.flex_cell.av-kckc5kn5-3288688b7298a7a4c1835ad2cb16a2dc{\nvertical-align:top;\nheight:300px;\nmin-height:300px;\nbackground-color:#007c95;\n}\n.responsive #top #wrap_all .flex_cell.av-kckc5kn5-3288688b7298a7a4c1835ad2cb16a2dc{\npadding:55px 30px 30px 30px !important;\n}\n<\/style>\n<div class='flex_cell av-kckc5kn5-3288688b7298a7a4c1835ad2cb16a2dc av-gridrow-cell av_one_fourth no_margin  avia-builder-el-19  el_after_av_cell_one_fourth  el_before_av_cell_one_fourth  content-align-top'  ><div class='flex_cell_inner'>\n<style type=\"text\/css\" data-created_by=\"avia_inline_auto\" id=\"style-css-av-7fwh8-661a98ada1a814f9f80752c9f3222705\">\n.flex_column.av-7fwh8-661a98ada1a814f9f80752c9f3222705{\nborder-radius:0px 0px 0px 0px;\npadding:0px 0px 0px 0px;\n}\n<\/style>\n<div  class='flex_column av-7fwh8-661a98ada1a814f9f80752c9f3222705 av_one_full  avia-builder-el-20  avia-builder-el-no-sibling  first flex_column_div av-zero-column-padding  '     ><p>\n<style type=\"text\/css\" data-created_by=\"avia_inline_auto\" id=\"style-css-av-kckeeghi-e816e43c219b68a1c95eb9ce4247548c\">\n.av_font_icon.av-kckeeghi-e816e43c219b68a1c95eb9ce4247548c{\ncolor:#ffffff;\nborder-color:#ffffff;\n}\n.avia-svg-icon.av-kckeeghi-e816e43c219b68a1c95eb9ce4247548c svg:first-child{\nstroke:#ffffff;\nfill:#ffffff;\n}\n.av_font_icon.av-kckeeghi-e816e43c219b68a1c95eb9ce4247548c .av-icon-char{\nfont-size:60px;\nline-height:60px;\n}\n<\/style>\n<span  class='av_font_icon av-kckeeghi-e816e43c219b68a1c95eb9ce4247548c avia_animate_when_visible av-icon-style- avia-icon-pos-center avia-iconfont avia-font-flaticon avia-icon-animate'><span class='av-icon-char' data-av_icon='\uf100' data-av_iconfont='flaticon' aria-hidden=\"true\" ><\/span><\/span><br \/>\n\n<style type=\"text\/css\" data-created_by=\"avia_inline_auto\" id=\"style-css-av-kckehsae-eaf63eab75d76b5a949ac0498b864e85\">\n#top .hr.hr-invisible.av-kckehsae-eaf63eab75d76b5a949ac0498b864e85{\nheight:30px;\n}\n<\/style>\n<div  class='hr av-kckehsae-eaf63eab75d76b5a949ac0498b864e85 hr-invisible  avia-builder-el-22  el_after_av_font_icon  el_before_av_button '><span class='hr-inner '><span class=\"hr-inner-style\"><\/span><\/span><\/div><br \/>\n<div  class='avia-button-wrap av-kckek9cd-fdebb0136ede752c86b33954a9099b6b-wrap avia-button-center  avia-builder-el-23  el_after_av_hr  avia-builder-el-last '>\n<style type=\"text\/css\" data-created_by=\"avia_inline_auto\" id=\"style-css-av-kckek9cd-fdebb0136ede752c86b33954a9099b6b\">\n#top #wrap_all .avia-button.av-kckek9cd-fdebb0136ede752c86b33954a9099b6b{\nbackground-color:#ffffff;\nborder-color:#ffffff;\ncolor:#444444;\ntransition:all 0.4s ease-in-out;\n}\n#top #wrap_all .avia-button.av-kckek9cd-fdebb0136ede752c86b33954a9099b6b .avia-svg-icon svg:first-child{\nfill:#444444;\nstroke:#444444;\n}\n<\/style>\n<a href='https:\/\/hospitalclinicmaresme.com\/es\/quadre-medic-cerca\/'  class='avia-button av-kckek9cd-fdebb0136ede752c86b33954a9099b6b av-link-btn avia-icon_select-no avia-size-large avia-position-center'   aria-label=\"CONSULTA EL CUADRO M\u00c9DICO\"><span class='avia_iconbox_title' >CONSULTA EL CUADRO M\u00c9DICO<\/span><\/a><\/div><\/p><\/div>\n<\/div><\/div>\n<style type=\"text\/css\" data-created_by=\"avia_inline_auto\" id=\"style-css-av-22fh1h-7f4c4efab741f3914cb9324e087f19cf\">\n.flex_cell.av-22fh1h-7f4c4efab741f3914cb9324e087f19cf{\nvertical-align:top;\nheight:300px;\nmin-height:300px;\nbackground-color:#007c95;\n}\n.responsive #top #wrap_all .flex_cell.av-22fh1h-7f4c4efab741f3914cb9324e087f19cf{\npadding:30px 30px 30px 30px !important;\n}\n<\/style>\n<div class='flex_cell av-22fh1h-7f4c4efab741f3914cb9324e087f19cf av-gridrow-cell av_one_fourth no_margin  avia-builder-el-24  el_after_av_cell_one_fourth  avia-builder-el-last  content-align-top'  ><div class='flex_cell_inner'><\/div><\/div><\/div><div id='av_section_3'  class='avia-section av-2gzu5g-d9a4d7db4e7ea2351bce4672d8be02ab main_color avia-section-default avia-no-border-styling  avia-builder-el-25  el_after_av_layout_row  el_before_av_section  avia-bg-style-scroll container_wrap fullsize'  ><div class='container av-section-cont-open' ><div class='template-page content  av-content-full alpha units'><div class='post-entry post-entry-type-page post-entry-3541'><div class='entry-content-wrapper clearfix'>\n\n<style type=\"text\/css\" data-created_by=\"avia_inline_auto\" id=\"style-css-av-4lxx6n-4f4859d44fbadb802922001348c8fa53\">\n.flex_column.av-4lxx6n-4f4859d44fbadb802922001348c8fa53{\nborder-radius:0px 0px 0px 0px;\npadding:0px 0px 0px 0px;\n}\n<\/style>\n<div  class='flex_column av-4lxx6n-4f4859d44fbadb802922001348c8fa53 av_one_full  avia-builder-el-26  el_before_av_one_half  avia-builder-el-first  first flex_column_div av-zero-column-padding  '     ><section  class='av_textblock_section av-kb99pt3a-21dde1e27ee55a2a1829a0765bcafd64 '   itemscope=\"itemscope\" itemtype=\"https:\/\/schema.org\/CreativeWork\" ><div class='avia_textblock'  itemprop=\"text\" ><h4 class=\"p1\"><span class=\"s1\">MEDICINA INTERNA<\/span><\/h4>\n<p><strong>La medicina interna es una especialidad m\u00e9dica que se dedica a la atenci\u00f3n integral del adulto enfermo<\/strong>. Se una especialidad sobre todo dentro del \u00e1mbito hospitalario, pero tambi\u00e9n act\u00faa a nivel de consultas.<\/p>\n<p>Los m\u00e9dicos internistas son los expertos a quienes recorren los m\u00e9dicos\u00a0<strong>de atenci\u00f3n primaria<\/strong>\u00a0y el resto de especialistas para la atenci\u00f3n de enfermos que no tienen un diagn\u00f3stico evidente o que se trata de un problema complejo, que requiere una visi\u00f3n global y que podr\u00eda requerir una atenci\u00f3n multidisciplinaria integrada.<\/p>\n<p>Las principales funciones del m\u00e9dico internista sue\u00f1o:<\/p>\n<\/div><\/section><\/div>\n<style type=\"text\/css\" data-created_by=\"avia_inline_auto\" id=\"style-css-av-7vodo-ad45acf961ac7ff3d8fb5ce426237efa\">\n.flex_column.av-7vodo-ad45acf961ac7ff3d8fb5ce426237efa{\nborder-radius:0px 0px 0px 0px;\npadding:0px 0px 0px 0px;\n}\n<\/style>\n<div  class='flex_column av-7vodo-ad45acf961ac7ff3d8fb5ce426237efa av_one_half  avia-builder-el-28  el_after_av_one_full  el_before_av_one_half  first flex_column_div av-zero-column-padding  column-top-margin'     ><div  class='avia-icon-list-container av-kb99u3tm-88868175cbdf86bc818258ae155d2fb1  avia-builder-el-29  avia-builder-el-no-sibling '><ul class='avia-icon-list avia_animate_when_almost_visible avia-icon-list-left av-iconlist-small av-kb99u3tm-88868175cbdf86bc818258ae155d2fb1 avia-iconlist-animate'>\n<li><div class='iconlist_icon av-295pl0-c92fc31ffc3a091983cb8d4ae3b9723f avia-font-entypo-fontello avia-iconfont avia-font-entypo-fontello'><span class='av-icon-char' data-av_icon='\ue879' data-av_iconfont='entypo-fontello' aria-hidden=\"true\"><\/span><\/div><article class=\"article-icon-entry av-iconlist-empty\"  itemscope=\"itemscope\" itemtype=\"https:\/\/schema.org\/CreativeWork\" ><div class=\"iconlist_content_wrap\"><header class=\"entry-content-header\" aria-label=\"Icon: Diagn\u00f3stico y seguimiento de adultos con una o m\u00e1s enfermedades agudas o cr\u00f3nicas complejas que necesitan un enfoque multisist\u00e9mico (paciente con pluripatolog\u00eda o polimedicados, pacientes con enfermedades como Ins. Cardiaca, enfermedad pulmonar cr\u00f3nica avanzada)\"><div class='av_iconlist_title iconlist_title_small  '  itemprop=\"headline\" >Diagn\u00f3stico y seguimiento de adultos con una o m\u00e1s enfermedades agudas o cr\u00f3nicas complejas que necesitan un enfoque multisist\u00e9mico (paciente con pluripatolog\u00eda o polimedicados, pacientes con enfermedades como Ins. Cardiaca, enfermedad pulmonar cr\u00f3nica avanzada)<\/div><\/header><div class='iconlist_content '  itemprop=\"text\" ><\/div><\/div><footer class=\"entry-footer\"><\/footer><\/article><div class=\"iconlist-timeline\"><\/div><\/li>\n<li><div class='iconlist_icon av-23ihzw-795a0881e4ec722b8d9f4edd391ae1e1 avia-font-entypo-fontello avia-iconfont avia-font-entypo-fontello'><span class='av-icon-char' data-av_icon='\ue879' data-av_iconfont='entypo-fontello' aria-hidden=\"true\"><\/span><\/div><article class=\"article-icon-entry av-iconlist-empty\"  itemscope=\"itemscope\" itemtype=\"https:\/\/schema.org\/CreativeWork\" ><div class=\"iconlist_content_wrap\"><header class=\"entry-content-header\" aria-label=\"Icon: Diagn\u00f3stico y seguimiento de enfermedades que afectan a varios \u00f3rganos (como las enfermedades sist\u00e9micas, factores de riesgo cardiovascular como la diabetes tipo II o HTA severa).\"><div class='av_iconlist_title iconlist_title_small  '  itemprop=\"headline\" >Diagn\u00f3stico y seguimiento de enfermedades que afectan a varios \u00f3rganos (como las enfermedades sist\u00e9micas, factores de riesgo cardiovascular como la diabetes tipo II o HTA severa).<\/div><\/header><div class='iconlist_content '  itemprop=\"text\" ><\/div><\/div><footer class=\"entry-footer\"><\/footer><\/article><div class=\"iconlist-timeline\"><\/div><\/li>\n<li><div class='iconlist_icon av-1za1kk-aedd2b523afbff915aec377b8a759f95 avia-font-entypo-fontello avia-iconfont avia-font-entypo-fontello'><span class='av-icon-char' data-av_icon='\ue879' data-av_iconfont='entypo-fontello' aria-hidden=\"true\"><\/span><\/div><article class=\"article-icon-entry av-iconlist-empty\"  itemscope=\"itemscope\" itemtype=\"https:\/\/schema.org\/CreativeWork\" ><div class=\"iconlist_content_wrap\"><header class=\"entry-content-header\" aria-label=\"Icon: Diagn\u00f3stico y seguimiento de enfermedades infecciosas como neumon\u00edas, infecciones urinarias de repetici\u00f3n, enfermedades infecciosas del viajero, fiebre de origen desconocido, aislamiento de microorganismos resistentes, diarreas, celulitis\u2026).\"><div class='av_iconlist_title iconlist_title_small  '  itemprop=\"headline\" >Diagn\u00f3stico y seguimiento de enfermedades infecciosas como neumon\u00edas, infecciones urinarias de repetici\u00f3n, enfermedades infecciosas del viajero, fiebre de origen desconocido, aislamiento de microorganismos resistentes, diarreas, celulitis\u2026).<\/div><\/header><div class='iconlist_content '  itemprop=\"text\" ><\/div><\/div><footer class=\"entry-footer\"><\/footer><\/article><div class=\"iconlist-timeline\"><\/div><\/li>\n<\/ul><\/div><\/div>\n<style type=\"text\/css\" data-created_by=\"avia_inline_auto\" id=\"style-css-av-v7zx8-4f055b596aa76eb4502a2ee7c810f2d5\">\n.flex_column.av-v7zx8-4f055b596aa76eb4502a2ee7c810f2d5{\nborder-radius:0px 0px 0px 0px;\npadding:0px 0px 0px 0px;\n}\n<\/style>\n<div  class='flex_column av-v7zx8-4f055b596aa76eb4502a2ee7c810f2d5 av_one_half  avia-builder-el-30  el_after_av_one_half  el_before_av_one_full  flex_column_div av-zero-column-padding  column-top-margin'     ><div  class='avia-icon-list-container av-kb99u3tm-88868175cbdf86bc818258ae155d2fb1  avia-builder-el-31  avia-builder-el-no-sibling '><ul class='avia-icon-list avia_animate_when_almost_visible avia-icon-list-left av-iconlist-small av-kb99u3tm-88868175cbdf86bc818258ae155d2fb1 avia-iconlist-animate'>\n<li><div class='iconlist_icon av-12ubrg-429750ebc8567d2d298ac44fe1a9efbb avia-font-entypo-fontello avia-iconfont avia-font-entypo-fontello'><span class='av-icon-char' data-av_icon='\ue879' data-av_iconfont='entypo-fontello' aria-hidden=\"true\"><\/span><\/div><article class=\"article-icon-entry av-iconlist-empty\"  itemscope=\"itemscope\" itemtype=\"https:\/\/schema.org\/CreativeWork\" ><div class=\"iconlist_content_wrap\"><header class=\"entry-content-header\" aria-label=\"Icon: Diagn\u00f3stico r\u00e1pido de aquellos pacientes que presentan s\u00edntomas que todav\u00eda no tienen diagn\u00f3stico (estudios de anemia, de p\u00e9rdida de peso, sospechas de c\u00e1ncer, fiebre sin foco claro...).\"><div class='av_iconlist_title iconlist_title_small  '  itemprop=\"headline\" >Diagn\u00f3stico r\u00e1pido de aquellos pacientes que presentan s\u00edntomas que todav\u00eda no tienen diagn\u00f3stico (estudios de anemia, de p\u00e9rdida de peso, sospechas de c\u00e1ncer, fiebre sin foco claro...).<\/div><\/header><div class='iconlist_content '  itemprop=\"text\" ><\/div><\/div><footer class=\"entry-footer\"><\/footer><\/article><div class=\"iconlist-timeline\"><\/div><\/li>\n<li><div class='iconlist_icon av-zmo6k-1dda27f808331248d98cd32c22a9b453 avia-font-entypo-fontello avia-iconfont avia-font-entypo-fontello'><span class='av-icon-char' data-av_icon='\ue879' data-av_iconfont='entypo-fontello' aria-hidden=\"true\"><\/span><\/div><article class=\"article-icon-entry av-iconlist-empty\"  itemscope=\"itemscope\" itemtype=\"https:\/\/schema.org\/CreativeWork\" ><div class=\"iconlist_content_wrap\"><header class=\"entry-content-header\" aria-label=\"Icon:  Atender a los pacientes con las enfermedades m\u00e9dicas m\u00e1s habituales que ingresan en el hospital, con coordinaci\u00f3n con otros especialistas.\"><div class='av_iconlist_title iconlist_title_small  '  itemprop=\"headline\" > Atender a los pacientes con las enfermedades m\u00e9dicas m\u00e1s habituales que ingresan en el hospital, con coordinaci\u00f3n con otros especialistas.<\/div><\/header><div class='iconlist_content '  itemprop=\"text\" ><\/div><\/div><footer class=\"entry-footer\"><\/footer><\/article><div class=\"iconlist-timeline\"><\/div><\/li>\n<\/ul><\/div><\/div>\n<style type=\"text\/css\" data-created_by=\"avia_inline_auto\" id=\"style-css-av-341ur9-8e585ce3806bd5df06edcdbc8eb9b6de\">\n.flex_column.av-341ur9-8e585ce3806bd5df06edcdbc8eb9b6de{\nborder-radius:0px 0px 0px 0px;\npadding:0px 0px 0px 0px;\n}\n<\/style>\n<div  class='flex_column av-341ur9-8e585ce3806bd5df06edcdbc8eb9b6de av_one_full  avia-builder-el-32  el_after_av_one_half  avia-builder-el-last  first flex_column_div av-zero-column-padding  column-top-margin'     ><section  class='av_textblock_section av-knzqyhz7-c624cf54f6722bb0b781c35794086f00 '   itemscope=\"itemscope\" itemtype=\"https:\/\/schema.org\/CreativeWork\" ><div class='avia_textblock'  itemprop=\"text\" ><div id=\"av_section_3\" class=\"avia-section main_color avia-section-default avia-no-border-styling avia-bg-style-scroll avia-builder-el-25 el_after_av_layout_row el_before_av_section container_wrap fullsize\">\n<div class=\"container\">\n<div class=\"template-page content av-content-full alpha units\">\n<div class=\"post-entry post-entry-type-page post-entry-2040\">\n<div class=\"entry-content-wrapper clearfix\">\n<div class=\"flex_column av_one_full flex_column_div av-zero-column-padding first avia-builder-el-32 el_after_av_one_half avia-builder-el-last column-top-margin\">\n<section class=\"av_textblock_section \">\n<div class=\"avia_textblock \">\n<h4 class=\"p1\"><span class=\"s1\">UNIDAD POST COVID<\/span><\/h4>\n<p class=\"p1\"><strong>La UNIDAD postCOVID-19<\/strong>\u00a0nace de la necesidad de optimizar el seguimiento y recuperaci\u00f3n de los pacientes afectados por la infecci\u00f3n por el SARS-CoV2 (COVID) mediante el manejo coordinado y eficaz de todos los recursos diagn\u00f3sticos y terap\u00e9uticos que ponemos al alcance del paciente, para que se recupere lo m\u00e1s r\u00e1pidamente posible y evitar alguna discapacidad que meng\u00fce su calidad de vida.<\/p>\n<p class=\"p1\">Se trata de una Unidad multidisciplinaria, coordinada por la\u00a0<strong>Dra. Carme Agust\u00ed, especialista en Medicina Interna<\/strong>\u00a0con amplia formaci\u00f3n en enfermedades infecciosas, y con experiencia en la atenci\u00f3n de los pacientes con COVID19 desde el inicio de la pandemia, junto con la participaci\u00f3n necesaria otros especialistas, sobre todo de los Servicios de Medicina General, Rehabilitaci\u00f3n y Fisioterapia respiratoria, Psicolog\u00eda, Cardiolog\u00eda y Neumolog\u00eda, que mejore un enfoque global de la patolog\u00eda y de la recuperaci\u00f3n de la misma , para detectar, tratar, prevenir y seguir las posibles secuelas y complicaciones derivadas de la enfermedad.<\/p>\n<p class=\"p1\">Ahora sabemos que un\u00a0<strong>10-20% de pacientes con COVID-19 presentan s\u00edntomas de la infecci\u00f3n a las 4 semanas despu\u00e9s del diagn\u00f3stico<\/strong>, y estos s\u00edntomas pueden alargarse semanas o meses despu\u00e9s, no saben todav\u00eda si se convertir\u00e1n con secuelas de la enfermedad a largo plazo. La presencia de estos s\u00edntomas persistentes se ha visto que tanto afecta a pacientes que tuvieron formas graves como aquellos que tuvieron formas leves que no precisaron ingreso hospitalario, incluso existen pacientes asintom\u00e1ticos que despu\u00e9s han presentado complicaciones. Sobre todo, son s\u00edntomas generales (fatiga persistente), musculoesquel\u00e9ticos (dolores \u00f3seos y musculares, debilidad muscular, intolerancia al esfuerzo), respiratorios (ahogo, dolor tor\u00e1cico, tus persistente), ORL (falta de olfato y gusto), y neuropsiqui\u00e1tricos (p\u00e9rdidas de memoria, falta de concentraci\u00f3n, trastorno del sue\u00f1o, dolor de cabeza y trastornos emocionales). Otros como molestias gastrointestinales persistentes, afectaci\u00f3n renal o lesiones cut\u00e1neas son menos frecuentes. En una primera visita (presencial o telem\u00e1tica) se hace una completa evaluaci\u00f3n cl\u00ednica, funcional y emocional del paciente que permite hacer un balance del estado global, detectar los factores de riesgo, enfermedades previas que se han descompensado y los s\u00edntomas persistentes predominantes.<\/p>\n<p>Despu\u00e9s de este primer \u201cscreening\u201d, seg\u00fan el caso habr\u00e1 que incluir en el estudio var\u00edas pruebas complementarias para valorar la repercusi\u00f3n: una anal\u00edtica espec\u00edfica de marcadores de inflamaci\u00f3n, trombosis o da\u00f1o muscular\/mioc\u00e1rdico, una determinaci\u00f3n del estado inmunol\u00f3gico respecto a la enfermedad, electrocardiograma y\/o ecocardiograma, radiolog\u00eda de t\u00f3rax y\/o TACO tor\u00e1cico, pruebas de funcionalismo pulmonar (espirometr\u00eda, test de la marcha), valoraci\u00f3n por rehabilitaci\u00f3n y fisioterapia respiratoria, u otros seg\u00fan las necesidades. Con esta evaluaci\u00f3n completa el paciente queda estratificado con varios niveles de riesgo para adaptar la respuesta terap\u00e9utica y de seguimiento que precisa de forma individualizada y concreta a cada caso.<\/p>\n<\/div>\n<\/section>\n<\/div>\n<\/div>\n<\/div>\n<\/div>\n<\/div>\n<\/div>\n<div id=\"av_section_4\" class=\"avia-section main_color avia-section-default avia-no-border-styling avia-bg-style-scroll avia-builder-el-34 el_after_av_section avia-builder-el-last container_wrap fullsize\" data-section-bg-repeat=\"no-repeat\">\n<div class=\"container\">\n<div class=\"template-page content av-content-full alpha units\">\n<div class=\"post-entry post-entry-type-page post-entry-2040\">\n<div class=\"entry-content-wrapper clearfix\">\n<div class=\"flex_column av_three_fifth flex_column_div av-zero-column-padding first avia-builder-el-35 el_before_av_two_fifth avia-builder-el-first \"><\/div>\n<div class=\"flex_column av_two_fifth flex_column_div av-zero-column-padding avia-builder-el-36 el_after_av_three_fifth avia-builder-el-last \"><\/div>\n<\/div>\n<\/div>\n<\/div>\n<\/div>\n<\/div>\n<\/div><\/section><\/div>\n<\/p>\n<\/div><\/div><\/div><!-- close content main div --><\/div><\/div>\n<style type=\"text\/css\" data-created_by=\"avia_inline_auto\" id=\"style-css-av-kbg74c6n-4edea1aed47ca853caa023083d772f85\">\n.avia-section.av-kbg74c6n-4edea1aed47ca853caa023083d772f85{\nbackground-color:#8bbfc6;\nbackground-image:url(https:\/\/hospitalclinicmaresme.com\/wp-content\/uploads\/2020\/07\/FotoMetgeEspecialitat-2-HospitalCli\u0301nicMaresme-scaled.jpg);\nbackground-repeat:no-repeat;\nbackground-position:50% 50%;\nbackground-attachment:scroll;\n}\n<\/style>\n<div id='av_section_4'  class='avia-section av-kbg74c6n-4edea1aed47ca853caa023083d772f85 main_color avia-section-default avia-no-border-styling  avia-builder-el-34  el_after_av_section  avia-builder-el-last  avia-bg-style-scroll container_wrap fullsize'  data-section-bg-repeat='no-repeat'><div class='container av-section-cont-open' ><div class='template-page content  av-content-full alpha units'><div class='post-entry post-entry-type-page post-entry-3541'><div class='entry-content-wrapper clearfix'>\n\n<style type=\"text\/css\" data-created_by=\"avia_inline_auto\" id=\"style-css-av-ffzmc-f22efa0ca92746679b27188d9c7118aa\">\n.flex_column.av-ffzmc-f22efa0ca92746679b27188d9c7118aa{\nborder-radius:0px 0px 0px 0px;\npadding:0px 0px 0px 0px;\n}\n<\/style>\n<div  class='flex_column av-ffzmc-f22efa0ca92746679b27188d9c7118aa av_three_fifth  avia-builder-el-35  el_before_av_two_fifth  avia-builder-el-first  first flex_column_div av-zero-column-padding  '     ><\/div>\n<style type=\"text\/css\" data-created_by=\"avia_inline_auto\" id=\"style-css-av-9bnis-2bd5f3ba8462cb92a932091ab8c46fcf\">\n.flex_column.av-9bnis-2bd5f3ba8462cb92a932091ab8c46fcf{\nborder-radius:0px 0px 0px 0px;\npadding:0px 0px 0px 0px;\n}\n<\/style>\n<div  class='flex_column av-9bnis-2bd5f3ba8462cb92a932091ab8c46fcf av_two_fifth  avia-builder-el-36  el_after_av_three_fifth  avia-builder-el-last  flex_column_div av-zero-column-padding  '     ><p>\n<style type=\"text\/css\" data-created_by=\"avia_inline_auto\" id=\"style-css-av-kbg7ap4b-019cf49071f2fffb1e5d2d7368f54147\">\n.av_font_icon.av-kbg7ap4b-019cf49071f2fffb1e5d2d7368f54147{\ncolor:#ffffff;\nborder-color:#ffffff;\n}\n.avia-svg-icon.av-kbg7ap4b-019cf49071f2fffb1e5d2d7368f54147 svg:first-child{\nstroke:#ffffff;\nfill:#ffffff;\n}\n.av_font_icon.av-kbg7ap4b-019cf49071f2fffb1e5d2d7368f54147 .av-icon-char{\nfont-size:60px;\nline-height:60px;\n}\n<\/style>\n<span  class='av_font_icon av-kbg7ap4b-019cf49071f2fffb1e5d2d7368f54147 avia_animate_when_visible av-icon-style- avia-icon-pos-center avia-iconfont avia-font-flaticon avia-icon-animate'><span class='av-icon-char' data-av_icon='\uf11b' data-av_iconfont='flaticon' aria-hidden=\"true\" ><\/span><\/span><br \/>\n\n<style type=\"text\/css\" data-created_by=\"avia_inline_auto\" id=\"style-css-av-kbg786c9-d457bd8dec44b5e8cc7622ef82ee764d\">\n#top .hr.hr-invisible.av-kbg786c9-d457bd8dec44b5e8cc7622ef82ee764d{\nheight:20px;\n}\n<\/style>\n<div  class='hr av-kbg786c9-d457bd8dec44b5e8cc7622ef82ee764d hr-invisible  avia-builder-el-38  el_after_av_font_icon  el_before_av_textblock '><span class='hr-inner '><span class=\"hr-inner-style\"><\/span><\/span><\/div><br \/>\n\n<style type=\"text\/css\" data-created_by=\"avia_inline_auto\" id=\"style-css-av-kbg77jzg-d5dc136be7b2b94293edf6f5a6dd2dfc\">\n#top .av_textblock_section.av-kbg77jzg-d5dc136be7b2b94293edf6f5a6dd2dfc .avia_textblock{\ncolor:#ffffff;\n}\n<\/style>\n<section  class='av_textblock_section av-kbg77jzg-d5dc136be7b2b94293edf6f5a6dd2dfc '   itemscope=\"itemscope\" itemtype=\"https:\/\/schema.org\/CreativeWork\" ><div class='avia_textblock av_inherit_color'  itemprop=\"text\" ><h2 style=\"text-align: center;\">Consulta nuestro cuadro m\u00e9dico<\/h2>\n<\/div><\/section><br \/>\n\n<style type=\"text\/css\" data-created_by=\"avia_inline_auto\" id=\"style-css-av-kbg786c9-e8747ec54cbd7b2c0eb631f105b2a1f1\">\n#top .hr.av-kbg786c9-e8747ec54cbd7b2c0eb631f105b2a1f1{\nmargin-top:-10px;\nmargin-bottom:10px;\n}\n.hr.av-kbg786c9-e8747ec54cbd7b2c0eb631f105b2a1f1 .hr-inner{\nwidth:50px;\nborder-color:#ffffff;\n}\n<\/style>\n<div  class='hr av-kbg786c9-e8747ec54cbd7b2c0eb631f105b2a1f1 hr-custom  avia-builder-el-40  el_after_av_textblock  el_before_av_button  hr-center hr-icon-no'><span class='hr-inner inner-border-av-border-thin'><span class=\"hr-inner-style\"><\/span><\/span><\/div><br \/>\n<div  class='avia-button-wrap av-kbg793ng-1781d54b57a92abc7f7c590b1d0e5bab-wrap avia-button-center  avia-builder-el-41  el_after_av_hr  avia-builder-el-last '>\n<style type=\"text\/css\" data-created_by=\"avia_inline_auto\" id=\"style-css-av-kbg793ng-1781d54b57a92abc7f7c590b1d0e5bab\">\n#top #wrap_all .avia-button.av-kbg793ng-1781d54b57a92abc7f7c590b1d0e5bab{\nbackground-color:#ffffff;\nborder-color:#ffffff;\ncolor:##007c95;\ntransition:all 0.4s ease-in-out;\n}\n#top #wrap_all .avia-button.av-kbg793ng-1781d54b57a92abc7f7c590b1d0e5bab .avia-svg-icon svg:first-child{\nfill:##007c95;\nstroke:##007c95;\n}\n<\/style>\n<a href='https:\/\/hospitalclinicmaresme.com\/quadre-medic-cerca\/'  class='avia-button av-kbg793ng-1781d54b57a92abc7f7c590b1d0e5bab av-link-btn avia-icon_select-no avia-size-x-large avia-position-center'   aria-label=\"CONSULTAR\"><span class='avia_iconbox_title' >CONSULTAR<\/span><\/a><\/div><\/p><\/div>\n\n","protected":false},"excerpt":{"rendered":"","protected":false},"author":3,"featured_media":0,"parent":2286,"menu_order":0,"comment_status":"closed","ping_status":"closed","template":"","meta":{"footnotes":""},"class_list":["post-3541","page","type-page","status-publish","hentry"],"yoast_head":"<!-- This site is optimized with the Yoast SEO plugin v27.5 - https:\/\/yoast.com\/product\/yoast-seo-wordpress\/ -->\n<title>Medicina interna y unidad post COVID - Hospital Cl\u00ednic Maresme<\/title>\n<meta name=\"robots\" content=\"index, follow, max-snippet:-1, max-image-preview:large, max-video-preview:-1\" \/>\n<link rel=\"canonical\" href=\"https:\/\/hospitalclinicmaresme.com\/es\/especialidades\/medicina-interna-y-unidad-post-covid\/\" \/>\n<meta property=\"og:locale\" content=\"es_ES\" \/>\n<meta property=\"og:type\" content=\"article\" \/>\n<meta property=\"og:title\" content=\"Medicina interna y unidad post COVID - Hospital Cl\u00ednic Maresme\" \/>\n<meta property=\"og:url\" content=\"https:\/\/hospitalclinicmaresme.com\/es\/especialidades\/medicina-interna-y-unidad-post-covid\/\" \/>\n<meta property=\"og:site_name\" content=\"Hospital Cl\u00ednic Maresme\" \/>\n<meta property=\"article:modified_time\" content=\"2021-11-23T12:45:50+00:00\" \/>\n<meta name=\"twitter:card\" content=\"summary_large_image\" \/>\n<meta name=\"twitter:label1\" content=\"Tiempo de lectura\" \/>\n\t<meta name=\"twitter:data1\" content=\"9 minutos\" \/>\n<script type=\"application\/ld+json\" class=\"yoast-schema-graph\">{\"@context\":\"https:\\\/\\\/schema.org\",\"@graph\":[{\"@type\":\"WebPage\",\"@id\":\"https:\\\/\\\/hospitalclinicmaresme.com\\\/es\\\/especialidades\\\/medicina-interna-y-unidad-post-covid\\\/\",\"url\":\"https:\\\/\\\/hospitalclinicmaresme.com\\\/es\\\/especialidades\\\/medicina-interna-y-unidad-post-covid\\\/\",\"name\":\"Medicina interna y unidad post COVID - Hospital Cl\u00ednic Maresme\",\"isPartOf\":{\"@id\":\"https:\\\/\\\/hospitalclinicmaresme.com\\\/es\\\/#website\"},\"datePublished\":\"2021-04-29T07:47:02+00:00\",\"dateModified\":\"2021-11-23T12:45:50+00:00\",\"breadcrumb\":{\"@id\":\"https:\\\/\\\/hospitalclinicmaresme.com\\\/es\\\/especialidades\\\/medicina-interna-y-unidad-post-covid\\\/#breadcrumb\"},\"inLanguage\":\"es\",\"potentialAction\":[{\"@type\":\"ReadAction\",\"target\":[\"https:\\\/\\\/hospitalclinicmaresme.com\\\/es\\\/especialidades\\\/medicina-interna-y-unidad-post-covid\\\/\"]}]},{\"@type\":\"BreadcrumbList\",\"@id\":\"https:\\\/\\\/hospitalclinicmaresme.com\\\/es\\\/especialidades\\\/medicina-interna-y-unidad-post-covid\\\/#breadcrumb\",\"itemListElement\":[{\"@type\":\"ListItem\",\"position\":1,\"name\":\"Inici\",\"item\":\"https:\\\/\\\/hospitalclinicmaresme.com\\\/es\\\/inicio\\\/\"},{\"@type\":\"ListItem\",\"position\":2,\"name\":\"Especialidades\",\"item\":\"https:\\\/\\\/hospitalclinicmaresme.com\\\/es\\\/especialidades\\\/\"},{\"@type\":\"ListItem\",\"position\":3,\"name\":\"Medicina interna y unidad post COVID\"}]},{\"@type\":\"WebSite\",\"@id\":\"https:\\\/\\\/hospitalclinicmaresme.com\\\/es\\\/#website\",\"url\":\"https:\\\/\\\/hospitalclinicmaresme.com\\\/es\\\/\",\"name\":\"Hospital Cl\u00ednic Maresme\",\"description\":\"Just another WordPress site\",\"potentialAction\":[{\"@type\":\"SearchAction\",\"target\":{\"@type\":\"EntryPoint\",\"urlTemplate\":\"https:\\\/\\\/hospitalclinicmaresme.com\\\/es\\\/?s={search_term_string}\"},\"query-input\":{\"@type\":\"PropertyValueSpecification\",\"valueRequired\":true,\"valueName\":\"search_term_string\"}}],\"inLanguage\":\"es\"}]}<\/script>\n<!-- \/ Yoast SEO plugin. -->","yoast_head_json":{"title":"Medicina interna y unidad post COVID - Hospital Cl\u00ednic Maresme","robots":{"index":"index","follow":"follow","max-snippet":"max-snippet:-1","max-image-preview":"max-image-preview:large","max-video-preview":"max-video-preview:-1"},"canonical":"https:\/\/hospitalclinicmaresme.com\/es\/especialidades\/medicina-interna-y-unidad-post-covid\/","og_locale":"es_ES","og_type":"article","og_title":"Medicina interna y unidad post COVID - Hospital Cl\u00ednic Maresme","og_url":"https:\/\/hospitalclinicmaresme.com\/es\/especialidades\/medicina-interna-y-unidad-post-covid\/","og_site_name":"Hospital Cl\u00ednic Maresme","article_modified_time":"2021-11-23T12:45:50+00:00","twitter_card":"summary_large_image","twitter_misc":{"Tiempo de lectura":"9 minutos"},"schema":{"@context":"https:\/\/schema.org","@graph":[{"@type":"WebPage","@id":"https:\/\/hospitalclinicmaresme.com\/es\/especialidades\/medicina-interna-y-unidad-post-covid\/","url":"https:\/\/hospitalclinicmaresme.com\/es\/especialidades\/medicina-interna-y-unidad-post-covid\/","name":"Medicina interna y unidad post COVID - Hospital Cl\u00ednic Maresme","isPartOf":{"@id":"https:\/\/hospitalclinicmaresme.com\/es\/#website"},"datePublished":"2021-04-29T07:47:02+00:00","dateModified":"2021-11-23T12:45:50+00:00","breadcrumb":{"@id":"https:\/\/hospitalclinicmaresme.com\/es\/especialidades\/medicina-interna-y-unidad-post-covid\/#breadcrumb"},"inLanguage":"es","potentialAction":[{"@type":"ReadAction","target":["https:\/\/hospitalclinicmaresme.com\/es\/especialidades\/medicina-interna-y-unidad-post-covid\/"]}]},{"@type":"BreadcrumbList","@id":"https:\/\/hospitalclinicmaresme.com\/es\/especialidades\/medicina-interna-y-unidad-post-covid\/#breadcrumb","itemListElement":[{"@type":"ListItem","position":1,"name":"Inici","item":"https:\/\/hospitalclinicmaresme.com\/es\/inicio\/"},{"@type":"ListItem","position":2,"name":"Especialidades","item":"https:\/\/hospitalclinicmaresme.com\/es\/especialidades\/"},{"@type":"ListItem","position":3,"name":"Medicina interna y unidad post COVID"}]},{"@type":"WebSite","@id":"https:\/\/hospitalclinicmaresme.com\/es\/#website","url":"https:\/\/hospitalclinicmaresme.com\/es\/","name":"Hospital Cl\u00ednic Maresme","description":"Just another WordPress site","potentialAction":[{"@type":"SearchAction","target":{"@type":"EntryPoint","urlTemplate":"https:\/\/hospitalclinicmaresme.com\/es\/?s={search_term_string}"},"query-input":{"@type":"PropertyValueSpecification","valueRequired":true,"valueName":"search_term_string"}}],"inLanguage":"es"}]}},"_links":{"self":[{"href":"https:\/\/hospitalclinicmaresme.com\/es\/wp-json\/wp\/v2\/pages\/3541","targetHints":{"allow":["GET"]}}],"collection":[{"href":"https:\/\/hospitalclinicmaresme.com\/es\/wp-json\/wp\/v2\/pages"}],"about":[{"href":"https:\/\/hospitalclinicmaresme.com\/es\/wp-json\/wp\/v2\/types\/page"}],"author":[{"embeddable":true,"href":"https:\/\/hospitalclinicmaresme.com\/es\/wp-json\/wp\/v2\/users\/3"}],"replies":[{"embeddable":true,"href":"https:\/\/hospitalclinicmaresme.com\/es\/wp-json\/wp\/v2\/comments?post=3541"}],"version-history":[{"count":0,"href":"https:\/\/hospitalclinicmaresme.com\/es\/wp-json\/wp\/v2\/pages\/3541\/revisions"}],"up":[{"embeddable":true,"href":"https:\/\/hospitalclinicmaresme.com\/es\/wp-json\/wp\/v2\/pages\/2286"}],"wp:attachment":[{"href":"https:\/\/hospitalclinicmaresme.com\/es\/wp-json\/wp\/v2\/media?parent=3541"}],"curies":[{"name":"wp","href":"https:\/\/api.w.org\/{rel}","templated":true}]}}