{"id":2134,"date":"2020-07-01T09:32:06","date_gmt":"2020-07-01T09:32:06","guid":{"rendered":"https:\/\/hospitalclinicmaresme.com\/actualitat\/"},"modified":"2021-01-18T08:13:19","modified_gmt":"2021-01-18T08:13:19","slug":"actualidad","status":"publish","type":"page","link":"https:\/\/hospitalclinicmaresme.com\/es\/actualidad\/","title":{"rendered":"Actualidad"},"content":{"rendered":"\n<style type=\"text\/css\" data-created_by=\"avia_inline_auto\" id=\"style-css-av-2aw7bw-c1d7c5f2817ece6cee5842a0aa3120f2\">\n.flex_column.av-2aw7bw-c1d7c5f2817ece6cee5842a0aa3120f2{\nborder-radius:0px 0px 0px 0px;\npadding:0px 0px 0px 0px;\n}\n<\/style>\n<div  class='flex_column av-2aw7bw-c1d7c5f2817ece6cee5842a0aa3120f2 av_one_full  avia-builder-el-0  avia-builder-el-no-sibling  first flex_column_div av-zero-column-padding  '     ><style type=\"text\/css\" data-created_by=\"avia_inline_auto\" id=\"style-css-av-kc35nn5h-ace6524556a68a5bae7a45252a8810bf\">\n#top .av_textblock_section.av-kc35nn5h-ace6524556a68a5bae7a45252a8810bf .avia_textblock{\ncolor:#017c95;\n}\n<\/style>\n<section  class='av_textblock_section av-kc35nn5h-ace6524556a68a5bae7a45252a8810bf '   itemscope=\"itemscope\" itemtype=\"https:\/\/schema.org\/CreativeWork\" ><div class='avia_textblock av_inherit_color'  itemprop=\"text\" ><h1 style=\"text-align: center;\">ACTUALIDAD<\/h1>\n<\/div><\/section><br \/>\n\n<style type=\"text\/css\" data-created_by=\"avia_inline_auto\" id=\"style-css-av-kc35ohoz-468636bbd19aff1de1f31523062eb445\">\n#top .hr.av-kc35ohoz-468636bbd19aff1de1f31523062eb445{\nmargin-top:-10px;\nmargin-bottom:30px;\n}\n.hr.av-kc35ohoz-468636bbd19aff1de1f31523062eb445 .hr-inner{\nwidth:50px;\nborder-color:#017c95;\n}\n<\/style>\n<div  class='hr av-kc35ohoz-468636bbd19aff1de1f31523062eb445 hr-custom  avia-builder-el-2  el_after_av_textblock  el_before_av_blog  hr-center hr-icon-no'><span class='hr-inner inner-border-av-border-fat'><span class=\"hr-inner-style\"><\/span><\/span><\/div><br \/>\n<div  data-slideshow-options=\"{&quot;animation&quot;:&quot;fade&quot;,&quot;autoplay&quot;:false,&quot;loop_autoplay&quot;:&quot;once&quot;,&quot;interval&quot;:5,&quot;loop_manual&quot;:&quot;manual-endless&quot;,&quot;autoplay_stopper&quot;:false,&quot;noNavigation&quot;:false,&quot;show_slide_delay&quot;:90}\" class='avia-content-slider avia-content-grid-active avia-content-slider1 avia-content-slider-odd  avia-builder-el-3  el_after_av_hr  el_before_av_hr  av-slideshow-ui av-control-default   av-no-slider-navigation av-slideshow-manual av-loop-once av-loop-manual-endless '  itemscope=\"itemscope\" itemtype=\"https:\/\/schema.org\/Blog\" ><div class=\"avia-content-slider-inner\"><div class=\"slide-entry-wrap\"><article class='slide-entry flex_column  post-entry post-entry-8469 slide-entry-overview slide-loop-1 slide-parity-odd  av_one_third first real-thumbnail posttype-post post-format-standard'  itemscope=\"itemscope\" itemtype=\"https:\/\/schema.org\/CreativeWork\" ><a href='https:\/\/hospitalclinicmaresme.com\/es\/cuatro-profesionales-de-diferentes-edades-y-procedencias-explican-en-primera-persona-su-incorporacion-al-comb-por-la-via-no-mir\/' data-rel='slide-1' class='slide-image' title='Cuatro profesionales de diferentes edades y procedencias explican en primera persona su incorporaci\u00f3n al CoMB por la v\u00eda no MIR'><img decoding=\"async\" fetchpriority=\"high\" width=\"495\" height=\"400\" src=\"https:\/\/hospitalclinicmaresme.com\/wp-content\/uploads\/2024\/12\/carreno-495x400.jpg\" class=\"wp-image-8465 avia-img-lazy-loading-not-8465 attachment-portfolio size-portfolio wp-post-image\" alt=\"\" srcset=\"https:\/\/hospitalclinicmaresme.com\/wp-content\/uploads\/2024\/12\/carreno-495x400.jpg 495w, https:\/\/hospitalclinicmaresme.com\/wp-content\/uploads\/2024\/12\/carreno-845x684.jpg 845w\" sizes=\"(max-width: 495px) 100vw, 495px\" \/><\/a><div class=\"slide-content\"><header class=\"entry-content-header\" aria-label=\"Slide: Cuatro profesionales de diferentes edades y procedencias explican en primera persona su incorporaci\u00f3n al CoMB por la v\u00eda no MIR\"><h3 class='slide-entry-title entry-title '  itemprop=\"headline\" ><a href='https:\/\/hospitalclinicmaresme.com\/es\/cuatro-profesionales-de-diferentes-edades-y-procedencias-explican-en-primera-persona-su-incorporacion-al-comb-por-la-via-no-mir\/' title='Cuatro profesionales de diferentes edades y procedencias explican en primera persona su incorporaci\u00f3n al CoMB por la v\u00eda no MIR'>Cuatro profesionales de diferentes edades y procedencias explican en primera persona su incorporaci\u00f3n al CoMB por la v\u00eda no MIR<\/a><\/h3><span class=\"blog-categories minor-meta\"><a href=\"https:\/\/hospitalclinicmaresme.com\/es\/category\/actualitat-es\/\" rel=\"tag\">Actualitat<\/a> <\/span><span class=\"av-vertical-delimiter\"><\/span><\/header><div class='slide-entry-excerpt entry-content'  itemprop=\"text\" ><div class=\"read-more-link\"><a href=\"https:\/\/hospitalclinicmaresme.com\/es\/cuatro-profesionales-de-diferentes-edades-y-procedencias-explican-en-primera-persona-su-incorporacion-al-comb-por-la-via-no-mir\/\" class=\"more-link\">Leer m\u00e1s<span class='more-link-arrow avia-svg-icon avia-font-svg_entypo-fontello' data-av_svg_icon='right-open-big' data-av_iconset='svg_entypo-fontello'><svg version=\"1.1\" xmlns=\"http:\/\/www.w3.org\/2000\/svg\" width=\"15\" height=\"32\" viewBox=\"0 0 15 32\" preserveAspectRatio=\"xMidYMid meet\" role=\"graphics-symbol\" aria-hidden=\"true\">\n<path d=\"M0.416 27.84l11.456-11.84-11.456-11.904q-0.832-0.832 0-1.536 0.832-0.832 1.536 0l12.544 12.608q0.768 0.832 0 1.6l-12.544 12.608q-0.704 0.832-1.536 0-0.832-0.704 0-1.536z\"><\/path>\n<\/svg><\/span><\/a><\/div><\/div><\/div><footer class=\"entry-footer\"><div class=\"slide-meta\"><time class='slide-meta-time updated'  itemprop=\"datePublished\" datetime=\"2024-12-04T09:32:07+00:00\" >4 de diciembre de 2024<\/time><\/div><\/footer><span class='hidden'>\n\t\t\t\t<span class='av-structured-data'  itemprop=\"image\" itemscope=\"itemscope\" itemtype=\"https:\/\/schema.org\/ImageObject\" >\n\t\t\t\t\t\t<span itemprop='url'>https:\/\/hospitalclinicmaresme.com\/wp-content\/uploads\/2024\/12\/carreno.jpg<\/span>\n\t\t\t\t\t\t<span itemprop='height'>1365<\/span>\n\t\t\t\t\t\t<span itemprop='width'>1365<\/span>\n\t\t\t\t<\/span>\n\t\t\t\t<span class='av-structured-data'  itemprop=\"publisher\" itemtype=\"https:\/\/schema.org\/Organization\" itemscope=\"itemscope\" >\n\t\t\t\t\t\t<span itemprop='name'>Meritxell Mis<\/span>\n\t\t\t\t\t\t<span itemprop='logo' itemscope itemtype='https:\/\/schema.org\/ImageObject'>\n\t\t\t\t\t\t\t<span itemprop='url'>https:\/\/hospitalclinicmaresme.com\/wp-content\/uploads\/2020\/11\/LogoNou-HospitalClinicMaresme.png<\/span>\n\t\t\t\t\t\t<\/span>\n\t\t\t\t<\/span><span class='av-structured-data'  itemprop=\"author\" itemscope=\"itemscope\" itemtype=\"https:\/\/schema.org\/Person\" ><span itemprop='name'>Meritxell Mis<\/span><\/span><span class='av-structured-data'  itemprop=\"datePublished\" datetime=\"2020-07-01T09:32:06+00:00\" >2024-12-04 09:32:07<\/span><span class='av-structured-data'  itemprop=\"dateModified\" itemtype=\"https:\/\/schema.org\/dateModified\" >2024-12-04 09:38:24<\/span><span class='av-structured-data'  itemprop=\"mainEntityOfPage\" itemtype=\"https:\/\/schema.org\/mainEntityOfPage\" ><span itemprop='name'>Cuatro profesionales de diferentes edades y procedencias explican en primera persona su incorporaci\u00f3n al CoMB por la v\u00eda no MIR<\/span><\/span><\/span><\/article><article class='slide-entry flex_column  post-entry post-entry-7151 slide-entry-overview slide-loop-2 slide-parity-even  av_one_third  real-thumbnail posttype-post post-format-standard'  itemscope=\"itemscope\" itemtype=\"https:\/\/schema.org\/CreativeWork\" ><a href='https:\/\/hospitalclinicmaresme.com\/es\/implementado-con-exito-el-primer-dispositivo-a-medida-endo-exo-osteointegrat-en-el-maresme-en-los-quirofanos-del-grupo-creu-groga\/' data-rel='slide-1' class='slide-image' title='Implementado con \u00e9xito el primer dispositivo a medida Endo-Exo Osteointegrat en el Maresme en los quir\u00f3fanos del Grupo Creu Groga'><img decoding=\"async\" fetchpriority=\"high\" width=\"495\" height=\"400\" src=\"https:\/\/hospitalclinicmaresme.com\/wp-content\/uploads\/2024\/03\/1709822746974-495x400.jpg\" class=\"wp-image-7152 avia-img-lazy-loading-not-7152 attachment-portfolio size-portfolio wp-post-image\" alt=\"\" srcset=\"https:\/\/hospitalclinicmaresme.com\/wp-content\/uploads\/2024\/03\/1709822746974-495x400.jpg 495w, https:\/\/hospitalclinicmaresme.com\/wp-content\/uploads\/2024\/03\/1709822746974-845x684.jpg 845w\" sizes=\"(max-width: 495px) 100vw, 495px\" \/><\/a><div class=\"slide-content\"><header class=\"entry-content-header\" aria-label=\"Slide: Implementado con \u00e9xito el primer dispositivo a medida Endo-Exo Osteointegrat en el Maresme en los quir\u00f3fanos del Grupo Creu Groga\"><h3 class='slide-entry-title entry-title '  itemprop=\"headline\" ><a href='https:\/\/hospitalclinicmaresme.com\/es\/implementado-con-exito-el-primer-dispositivo-a-medida-endo-exo-osteointegrat-en-el-maresme-en-los-quirofanos-del-grupo-creu-groga\/' title='Implementado con \u00e9xito el primer dispositivo a medida Endo-Exo Osteointegrat en el Maresme en los quir\u00f3fanos del Grupo Creu Groga'>Implementado con \u00e9xito el primer dispositivo a medida Endo-Exo Osteointegrat en el Maresme en los quir\u00f3fanos del Grupo Creu Groga<\/a><\/h3><span class=\"blog-categories minor-meta\"><a href=\"https:\/\/hospitalclinicmaresme.com\/es\/category\/actualitat-es\/\" rel=\"tag\">Actualitat<\/a> <\/span><span class=\"av-vertical-delimiter\"><\/span><\/header><div class='slide-entry-excerpt entry-content'  itemprop=\"text\" ><div class=\"read-more-link\"><a href=\"https:\/\/hospitalclinicmaresme.com\/es\/implementado-con-exito-el-primer-dispositivo-a-medida-endo-exo-osteointegrat-en-el-maresme-en-los-quirofanos-del-grupo-creu-groga\/\" class=\"more-link\">Leer m\u00e1s<span class='more-link-arrow avia-svg-icon avia-font-svg_entypo-fontello' data-av_svg_icon='right-open-big' data-av_iconset='svg_entypo-fontello'><svg version=\"1.1\" xmlns=\"http:\/\/www.w3.org\/2000\/svg\" width=\"15\" height=\"32\" viewBox=\"0 0 15 32\" preserveAspectRatio=\"xMidYMid meet\" role=\"graphics-symbol\" aria-hidden=\"true\">\n<path d=\"M0.416 27.84l11.456-11.84-11.456-11.904q-0.832-0.832 0-1.536 0.832-0.832 1.536 0l12.544 12.608q0.768 0.832 0 1.6l-12.544 12.608q-0.704 0.832-1.536 0-0.832-0.704 0-1.536z\"><\/path>\n<\/svg><\/span><\/a><\/div><\/div><\/div><footer class=\"entry-footer\"><div class=\"slide-meta\"><time class='slide-meta-time updated'  itemprop=\"datePublished\" datetime=\"2024-03-13T14:52:17+00:00\" >13 de marzo de 2024<\/time><div class=\"slide-meta-del\">\/<\/div><div class=\"slide-meta-comments\"><a href='https:\/\/hospitalclinicmaresme.com\/es\/implementado-con-exito-el-primer-dispositivo-a-medida-endo-exo-osteointegrat-en-el-maresme-en-los-quirofanos-del-grupo-creu-groga\/#respond'>0 Comentarios<\/a><\/div><\/div><\/footer><span class='hidden'>\n\t\t\t\t<span class='av-structured-data'  itemprop=\"image\" itemscope=\"itemscope\" itemtype=\"https:\/\/schema.org\/ImageObject\" >\n\t\t\t\t\t\t<span itemprop='url'>https:\/\/hospitalclinicmaresme.com\/wp-content\/uploads\/2024\/03\/1709822746974-scaled.jpg<\/span>\n\t\t\t\t\t\t<span itemprop='height'>1922<\/span>\n\t\t\t\t\t\t<span itemprop='width'>2560<\/span>\n\t\t\t\t<\/span>\n\t\t\t\t<span class='av-structured-data'  itemprop=\"publisher\" itemtype=\"https:\/\/schema.org\/Organization\" itemscope=\"itemscope\" >\n\t\t\t\t\t\t<span itemprop='name'>Meritxell Mis<\/span>\n\t\t\t\t\t\t<span itemprop='logo' itemscope itemtype='https:\/\/schema.org\/ImageObject'>\n\t\t\t\t\t\t\t<span itemprop='url'>https:\/\/hospitalclinicmaresme.com\/wp-content\/uploads\/2020\/11\/LogoNou-HospitalClinicMaresme.png<\/span>\n\t\t\t\t\t\t<\/span>\n\t\t\t\t<\/span><span class='av-structured-data'  itemprop=\"author\" itemscope=\"itemscope\" itemtype=\"https:\/\/schema.org\/Person\" ><span itemprop='name'>Meritxell Mis<\/span><\/span><span class='av-structured-data'  itemprop=\"datePublished\" datetime=\"2020-07-01T09:32:06+00:00\" >2024-03-13 14:52:17<\/span><span class='av-structured-data'  itemprop=\"dateModified\" itemtype=\"https:\/\/schema.org\/dateModified\" >2024-03-13 15:26:05<\/span><span class='av-structured-data'  itemprop=\"mainEntityOfPage\" itemtype=\"https:\/\/schema.org\/mainEntityOfPage\" ><span itemprop='name'>Implementado con \u00e9xito el primer dispositivo a medida Endo-Exo Osteointegrat en el Maresme en los quir\u00f3fanos del Grupo Creu Groga<\/span><\/span><\/span><\/article><article class='slide-entry flex_column  post-entry post-entry-7059 slide-entry-overview slide-loop-3 slide-parity-odd  post-entry-last  av_one_third  real-thumbnail posttype-post post-format-standard'  itemscope=\"itemscope\" itemtype=\"https:\/\/schema.org\/CreativeWork\" ><a href='https:\/\/hospitalclinicmaresme.com\/es\/primera-cirugia-de-osteointegracion-realizada-en-el-maresme-por-el-grupo-creu-groga\/' data-rel='slide-1' class='slide-image' title='Primera cirug\u00eda de Osteointegraci\u00f3n realizada en el Maresme por el Grupo Creu Groga'><img decoding=\"async\" fetchpriority=\"high\" width=\"495\" height=\"400\" src=\"https:\/\/hospitalclinicmaresme.com\/wp-content\/uploads\/2024\/02\/FACANA-HOSPITAL-495x400.jpg\" class=\"wp-image-7079 avia-img-lazy-loading-not-7079 attachment-portfolio size-portfolio wp-post-image\" alt=\"\" srcset=\"https:\/\/hospitalclinicmaresme.com\/wp-content\/uploads\/2024\/02\/FACANA-HOSPITAL-495x400.jpg 495w, https:\/\/hospitalclinicmaresme.com\/wp-content\/uploads\/2024\/02\/FACANA-HOSPITAL-845x684.jpg 845w\" sizes=\"(max-width: 495px) 100vw, 495px\" \/><\/a><div class=\"slide-content\"><header class=\"entry-content-header\" aria-label=\"Slide: Primera cirug\u00eda de Osteointegraci\u00f3n realizada en el Maresme por el Grupo Creu Groga\"><h3 class='slide-entry-title entry-title '  itemprop=\"headline\" ><a href='https:\/\/hospitalclinicmaresme.com\/es\/primera-cirugia-de-osteointegracion-realizada-en-el-maresme-por-el-grupo-creu-groga\/' title='Primera cirug\u00eda de Osteointegraci\u00f3n realizada en el Maresme por el Grupo Creu Groga'>Primera cirug\u00eda de Osteointegraci\u00f3n realizada en el Maresme por el Grupo Creu Groga<\/a><\/h3><span class=\"blog-categories minor-meta\"><a href=\"https:\/\/hospitalclinicmaresme.com\/es\/category\/actualitat-es\/\" rel=\"tag\">Actualitat<\/a> <\/span><span class=\"av-vertical-delimiter\"><\/span><\/header><div class='slide-entry-excerpt entry-content'  itemprop=\"text\" ><div class=\"read-more-link\"><a href=\"https:\/\/hospitalclinicmaresme.com\/es\/primera-cirugia-de-osteointegracion-realizada-en-el-maresme-por-el-grupo-creu-groga\/\" class=\"more-link\">Leer m\u00e1s<span class='more-link-arrow avia-svg-icon avia-font-svg_entypo-fontello' data-av_svg_icon='right-open-big' data-av_iconset='svg_entypo-fontello'><svg version=\"1.1\" xmlns=\"http:\/\/www.w3.org\/2000\/svg\" width=\"15\" height=\"32\" viewBox=\"0 0 15 32\" preserveAspectRatio=\"xMidYMid meet\" role=\"graphics-symbol\" aria-hidden=\"true\">\n<path d=\"M0.416 27.84l11.456-11.84-11.456-11.904q-0.832-0.832 0-1.536 0.832-0.832 1.536 0l12.544 12.608q0.768 0.832 0 1.6l-12.544 12.608q-0.704 0.832-1.536 0-0.832-0.704 0-1.536z\"><\/path>\n<\/svg><\/span><\/a><\/div><\/div><\/div><footer class=\"entry-footer\"><div class=\"slide-meta\"><time class='slide-meta-time updated'  itemprop=\"datePublished\" datetime=\"2024-02-28T09:08:00+00:00\" >28 de febrero de 2024<\/time><div class=\"slide-meta-del\">\/<\/div><div class=\"slide-meta-comments\"><a href='https:\/\/hospitalclinicmaresme.com\/es\/primera-cirugia-de-osteointegracion-realizada-en-el-maresme-por-el-grupo-creu-groga\/#respond'>0 Comentarios<\/a><\/div><\/div><\/footer><span class='hidden'>\n\t\t\t\t<span class='av-structured-data'  itemprop=\"image\" itemscope=\"itemscope\" itemtype=\"https:\/\/schema.org\/ImageObject\" >\n\t\t\t\t\t\t<span itemprop='url'>https:\/\/hospitalclinicmaresme.com\/wp-content\/uploads\/2024\/02\/FACANA-HOSPITAL-scaled.jpg<\/span>\n\t\t\t\t\t\t<span itemprop='height'>1435<\/span>\n\t\t\t\t\t\t<span itemprop='width'>2560<\/span>\n\t\t\t\t<\/span>\n\t\t\t\t<span class='av-structured-data'  itemprop=\"publisher\" itemtype=\"https:\/\/schema.org\/Organization\" itemscope=\"itemscope\" >\n\t\t\t\t\t\t<span itemprop='name'>Meritxell Mis<\/span>\n\t\t\t\t\t\t<span itemprop='logo' itemscope itemtype='https:\/\/schema.org\/ImageObject'>\n\t\t\t\t\t\t\t<span itemprop='url'>https:\/\/hospitalclinicmaresme.com\/wp-content\/uploads\/2020\/11\/LogoNou-HospitalClinicMaresme.png<\/span>\n\t\t\t\t\t\t<\/span>\n\t\t\t\t<\/span><span class='av-structured-data'  itemprop=\"author\" itemscope=\"itemscope\" itemtype=\"https:\/\/schema.org\/Person\" ><span itemprop='name'>Meritxell Mis<\/span><\/span><span class='av-structured-data'  itemprop=\"datePublished\" datetime=\"2020-07-01T09:32:06+00:00\" >2024-02-28 09:08:00<\/span><span class='av-structured-data'  itemprop=\"dateModified\" itemtype=\"https:\/\/schema.org\/dateModified\" >2024-03-01 11:16:32<\/span><span class='av-structured-data'  itemprop=\"mainEntityOfPage\" itemtype=\"https:\/\/schema.org\/mainEntityOfPage\" ><span itemprop='name'>Primera cirug\u00eda de Osteointegraci\u00f3n realizada en el Maresme por el Grupo Creu Groga<\/span><\/span><\/span><\/article><\/div><\/div><\/div><br \/>\n\n<style type=\"text\/css\" data-created_by=\"avia_inline_auto\" id=\"style-css-av-kc35ohoz-468636bbd19aff1de1f31523062eb445\">\n#top .hr.av-kc35ohoz-468636bbd19aff1de1f31523062eb445{\nmargin-top:-10px;\nmargin-bottom:30px;\n}\n.hr.av-kc35ohoz-468636bbd19aff1de1f31523062eb445 .hr-inner{\nwidth:50px;\nborder-color:#017c95;\n}\n<\/style>\n<div  class='hr av-kc35ohoz-468636bbd19aff1de1f31523062eb445 hr-custom  avia-builder-el-4  el_after_av_blog  avia-builder-el-last  hr-center hr-icon-no'><span class='hr-inner inner-border-av-border-fat'><span class=\"hr-inner-style\"><\/span><\/span><\/div><\/p><\/div>\n","protected":false},"excerpt":{"rendered":"","protected":false},"author":3,"featured_media":0,"parent":0,"menu_order":0,"comment_status":"closed","ping_status":"closed","template":"","meta":{"footnotes":""},"class_list":["post-2134","page","type-page","status-publish","hentry"],"yoast_head":"<!-- This site is optimized with the Yoast SEO plugin v27.5 - https:\/\/yoast.com\/product\/yoast-seo-wordpress\/ -->\n<title>Actualidad - Hospital Cl\u00ednic Maresme<\/title>\n<meta name=\"robots\" content=\"index, follow, max-snippet:-1, max-image-preview:large, max-video-preview:-1\" \/>\n<link rel=\"canonical\" href=\"https:\/\/hospitalclinicmaresme.com\/es\/actualidad\/\" \/>\n<meta property=\"og:locale\" content=\"es_ES\" \/>\n<meta property=\"og:type\" content=\"article\" \/>\n<meta property=\"og:title\" content=\"Actualidad - Hospital Cl\u00ednic Maresme\" \/>\n<meta property=\"og:url\" content=\"https:\/\/hospitalclinicmaresme.com\/es\/actualidad\/\" \/>\n<meta property=\"og:site_name\" content=\"Hospital Cl\u00ednic Maresme\" \/>\n<meta property=\"article:modified_time\" content=\"2021-01-18T08:13:19+00:00\" \/>\n<meta name=\"twitter:card\" content=\"summary_large_image\" \/>\n<meta name=\"twitter:label1\" content=\"Tiempo de lectura\" \/>\n\t<meta name=\"twitter:data1\" content=\"1 minuto\" \/>\n<script type=\"application\/ld+json\" class=\"yoast-schema-graph\">{\"@context\":\"https:\\\/\\\/schema.org\",\"@graph\":[{\"@type\":\"WebPage\",\"@id\":\"https:\\\/\\\/hospitalclinicmaresme.com\\\/es\\\/actualidad\\\/\",\"url\":\"https:\\\/\\\/hospitalclinicmaresme.com\\\/es\\\/actualidad\\\/\",\"name\":\"Actualidad - Hospital Cl\u00ednic Maresme\",\"isPartOf\":{\"@id\":\"https:\\\/\\\/hospitalclinicmaresme.com\\\/es\\\/#website\"},\"datePublished\":\"2020-07-01T09:32:06+00:00\",\"dateModified\":\"2021-01-18T08:13:19+00:00\",\"breadcrumb\":{\"@id\":\"https:\\\/\\\/hospitalclinicmaresme.com\\\/es\\\/actualidad\\\/#breadcrumb\"},\"inLanguage\":\"es\",\"potentialAction\":[{\"@type\":\"ReadAction\",\"target\":[\"https:\\\/\\\/hospitalclinicmaresme.com\\\/es\\\/actualidad\\\/\"]}]},{\"@type\":\"BreadcrumbList\",\"@id\":\"https:\\\/\\\/hospitalclinicmaresme.com\\\/es\\\/actualidad\\\/#breadcrumb\",\"itemListElement\":[{\"@type\":\"ListItem\",\"position\":1,\"name\":\"Inici\",\"item\":\"https:\\\/\\\/hospitalclinicmaresme.com\\\/es\\\/inicio\\\/\"},{\"@type\":\"ListItem\",\"position\":2,\"name\":\"Actualidad\"}]},{\"@type\":\"WebSite\",\"@id\":\"https:\\\/\\\/hospitalclinicmaresme.com\\\/es\\\/#website\",\"url\":\"https:\\\/\\\/hospitalclinicmaresme.com\\\/es\\\/\",\"name\":\"Hospital Cl\u00ednic Maresme\",\"description\":\"Just another WordPress site\",\"potentialAction\":[{\"@type\":\"SearchAction\",\"target\":{\"@type\":\"EntryPoint\",\"urlTemplate\":\"https:\\\/\\\/hospitalclinicmaresme.com\\\/es\\\/?s={search_term_string}\"},\"query-input\":{\"@type\":\"PropertyValueSpecification\",\"valueRequired\":true,\"valueName\":\"search_term_string\"}}],\"inLanguage\":\"es\"}]}<\/script>\n<!-- \/ Yoast SEO plugin. -->","yoast_head_json":{"title":"Actualidad - Hospital Cl\u00ednic Maresme","robots":{"index":"index","follow":"follow","max-snippet":"max-snippet:-1","max-image-preview":"max-image-preview:large","max-video-preview":"max-video-preview:-1"},"canonical":"https:\/\/hospitalclinicmaresme.com\/es\/actualidad\/","og_locale":"es_ES","og_type":"article","og_title":"Actualidad - Hospital Cl\u00ednic Maresme","og_url":"https:\/\/hospitalclinicmaresme.com\/es\/actualidad\/","og_site_name":"Hospital Cl\u00ednic Maresme","article_modified_time":"2021-01-18T08:13:19+00:00","twitter_card":"summary_large_image","twitter_misc":{"Tiempo de lectura":"1 minuto"},"schema":{"@context":"https:\/\/schema.org","@graph":[{"@type":"WebPage","@id":"https:\/\/hospitalclinicmaresme.com\/es\/actualidad\/","url":"https:\/\/hospitalclinicmaresme.com\/es\/actualidad\/","name":"Actualidad - Hospital Cl\u00ednic Maresme","isPartOf":{"@id":"https:\/\/hospitalclinicmaresme.com\/es\/#website"},"datePublished":"2020-07-01T09:32:06+00:00","dateModified":"2021-01-18T08:13:19+00:00","breadcrumb":{"@id":"https:\/\/hospitalclinicmaresme.com\/es\/actualidad\/#breadcrumb"},"inLanguage":"es","potentialAction":[{"@type":"ReadAction","target":["https:\/\/hospitalclinicmaresme.com\/es\/actualidad\/"]}]},{"@type":"BreadcrumbList","@id":"https:\/\/hospitalclinicmaresme.com\/es\/actualidad\/#breadcrumb","itemListElement":[{"@type":"ListItem","position":1,"name":"Inici","item":"https:\/\/hospitalclinicmaresme.com\/es\/inicio\/"},{"@type":"ListItem","position":2,"name":"Actualidad"}]},{"@type":"WebSite","@id":"https:\/\/hospitalclinicmaresme.com\/es\/#website","url":"https:\/\/hospitalclinicmaresme.com\/es\/","name":"Hospital Cl\u00ednic Maresme","description":"Just another WordPress site","potentialAction":[{"@type":"SearchAction","target":{"@type":"EntryPoint","urlTemplate":"https:\/\/hospitalclinicmaresme.com\/es\/?s={search_term_string}"},"query-input":{"@type":"PropertyValueSpecification","valueRequired":true,"valueName":"search_term_string"}}],"inLanguage":"es"}]}},"_links":{"self":[{"href":"https:\/\/hospitalclinicmaresme.com\/es\/wp-json\/wp\/v2\/pages\/2134","targetHints":{"allow":["GET"]}}],"collection":[{"href":"https:\/\/hospitalclinicmaresme.com\/es\/wp-json\/wp\/v2\/pages"}],"about":[{"href":"https:\/\/hospitalclinicmaresme.com\/es\/wp-json\/wp\/v2\/types\/page"}],"author":[{"embeddable":true,"href":"https:\/\/hospitalclinicmaresme.com\/es\/wp-json\/wp\/v2\/users\/3"}],"replies":[{"embeddable":true,"href":"https:\/\/hospitalclinicmaresme.com\/es\/wp-json\/wp\/v2\/comments?post=2134"}],"version-history":[{"count":0,"href":"https:\/\/hospitalclinicmaresme.com\/es\/wp-json\/wp\/v2\/pages\/2134\/revisions"}],"wp:attachment":[{"href":"https:\/\/hospitalclinicmaresme.com\/es\/wp-json\/wp\/v2\/media?parent=2134"}],"curies":[{"name":"wp","href":"https:\/\/api.w.org\/{rel}","templated":true}]}}